{"id":955,"date":"2012-09-21T20:03:05","date_gmt":"2012-09-21T20:03:05","guid":{"rendered":"http:\/\/www.malekysice.cz\/?page_id=955"},"modified":"2023-10-31T08:42:54","modified_gmt":"2023-10-31T08:42:54","slug":"obec-a-okoli-obce","status":"publish","type":"page","link":"http:\/\/www.malekysice.cz\/?page_id=955","title":{"rendered":"Obec a bl\u00edzk\u00e9 okol\u00ed"},"content":{"rendered":"<ul>\n<li><strong><a title=\"Mal\u00e9 Ky\u0161ice\" href=\"http:\/\/www.malekysice.cz\/?page_id=965\">MAL\u00c9 KY\u0160ICE<\/a><\/strong><\/li>\n<\/ul>\n<ul>\n<li><strong><a title=\"Potepl\u00ed\" href=\"http:\/\/www.malekysice.cz\/?page_id=970\">POTEPL\u00cd<\/a><\/strong><\/li>\n<\/ul>\n<ul>\n<li><strong><a title=\"Vysok\u00fd vrch\" href=\"http:\/\/www.malekysice.cz\/?page_id=975\">VYSOK\u00dd VRCH<\/a><\/strong><\/li>\n<\/ul>\n<ul>\n<li><strong><a title=\"Kapli\u010dka ve \u017dl\u00e1bku\" href=\"http:\/\/www.malekysice.cz\/?page_id=978 \">KAPLI\u010cKA VE \u017dL\u00c1BKU<\/a><\/strong><\/li>\n<\/ul>\n<ul>\n<li><strong><a title=\"Cyklostezka &quot;Ko\u017eov\u00e1 hora - Mal\u00e9 Ky\u0161ice&quot;\" href=\"http:\/\/www.malekysice.cz\/?page_id=981\">CYKLOSTEZKA \u201eKO\u017dOV\u00c1 HORA &#8211; MAL\u00c9 KY\u0160ICE\u201c<\/a><\/strong><\/li>\n<\/ul>\n<div>\n<ul>\n<li><strong><a title=\"Ml\u00fdny na \u010cern\u00e9m potoce\" href=\"http:\/\/www.malekysice.cz\/?page_id=1047\">ML\u00ddNY NA \u010cERN\u00c9M POTOCE<\/a><\/strong><\/li>\n<\/ul>\n<ul>\n<li><strong><a title=\"Nouzov\" href=\"http:\/\/www.malekysice.cz\/?page_id=1049\">NOUZOV \u2013 m\u00edstn\u00ed \u010d\u00e1st \u00a0m\u011bsta Unho\u0161\u0165<\/a><\/strong><\/li>\n<\/ul>\n<ul>\n<li><strong><a title=\"Objekt vojensk\u00e9ho opevn\u011bn\u00ed Bratronice - Doln\u00ed Bezd\u011bkov\" href=\"http:\/\/www.malekysice.cz\/?page_id=1051\">OBJEKT VOJENSK\u00c9HO OPEVN\u011aN\u00cd \u2013 BRATRONICE-DOLN\u00cd BEZD\u011aKOV<\/a><\/strong><\/li>\n<\/ul>\n<ul>\n<li><strong><a title=\"Rozhledny\" href=\"http:\/\/www.malekysice.cz\/?page_id=1053\">ROZHLEDNY<\/a><\/strong><\/li>\n<\/ul>\n<\/div>\n","protected":false},"excerpt":{"rendered":"<p>MAL\u00c9 KY\u0160ICE POTEPL\u00cd VYSOK\u00dd VRCH KAPLI\u010cKA VE \u017dL\u00c1BKU CYKLOSTEZKA \u201eKO\u017dOV\u00c1 HORA &#8211; MAL\u00c9 KY\u0160ICE\u201c ML\u00ddNY NA \u010cERN\u00c9M POTOCE NOUZOV \u2013 m\u00edstn\u00ed \u010d\u00e1st \u00a0m\u011bsta Unho\u0161\u0165 OBJEKT VOJENSK\u00c9HO OPEVN\u011aN\u00cd \u2013 BRATRONICE-DOLN\u00cd BEZD\u011aKOV&hellip;<\/p>\n","protected":false},"author":1,"featured_media":0,"parent":18,"menu_order":0,"comment_status":"closed","ping_status":"open","template":"","meta":[],"_links":{"self":[{"href":"http:\/\/www.malekysice.cz\/index.php?rest_route=\/wp\/v2\/pages\/955"}],"collection":[{"href":"http:\/\/www.malekysice.cz\/index.php?rest_route=\/wp\/v2\/pages"}],"about":[{"href":"http:\/\/www.malekysice.cz\/index.php?rest_route=\/wp\/v2\/types\/page"}],"author":[{"embeddable":true,"href":"http:\/\/www.malekysice.cz\/index.php?rest_route=\/wp\/v2\/users\/1"}],"replies":[{"embeddable":true,"href":"http:\/\/www.malekysice.cz\/index.php?rest_route=%2Fwp%2Fv2%2Fcomments&post=955"}],"version-history":[{"count":26,"href":"http:\/\/www.malekysice.cz\/index.php?rest_route=\/wp\/v2\/pages\/955\/revisions"}],"predecessor-version":[{"id":4501,"href":"http:\/\/www.malekysice.cz\/index.php?rest_route=\/wp\/v2\/pages\/955\/revisions\/4501"}],"up":[{"embeddable":true,"href":"http:\/\/www.malekysice.cz\/index.php?rest_route=\/wp\/v2\/pages\/18"}],"wp:attachment":[{"href":"http:\/\/www.malekysice.cz\/index.php?rest_route=%2Fwp%2Fv2%2Fmedia&parent=955"}],"curies":[{"name":"wp","href":"https:\/\/api.w.org\/{rel}","templated":true}]}}