{"id":37,"date":"2012-05-02T20:13:18","date_gmt":"2012-05-02T20:13:18","guid":{"rendered":"http:\/\/www.malekysice.cz\/?page_id=37"},"modified":"2025-06-08T14:25:27","modified_gmt":"2025-06-08T14:25:27","slug":"platne-obecne-zavazne-vyhlasky","status":"publish","type":"page","link":"http:\/\/www.malekysice.cz\/?page_id=37","title":{"rendered":"Platn\u00e9 obecn\u011b z\u00e1vazn\u00e9 vyhl\u00e1\u0161ky"},"content":{"rendered":"\n<div class=\"wp-block-file\"><a href=\"http:\/\/www.malekysice.cz\/wp-content\/uploads\/2025\/01\/OZV-c.-1_2009-kterou-se-stanovi-cast-spolecneho-skol.obvodu-ZS.pdf\">OZV obce Mal\u00e9 Ky\u0161ice \u010d. 1\/2009, kterou se stanov\u00ed \u010d\u00e1st spole\u010dn\u00e9ho \u0161kolsk\u00e9ho obvodu z\u00e1kladn\u00ed \u0161koly<\/a><a href=\"http:\/\/www.malekysice.cz\/wp-content\/uploads\/2025\/01\/OZV-c.-1_2009-kterou-se-stanovi-cast-spolecneho-skol.obvodu-ZS.pdf\" class=\"wp-block-file__button\" download>St\u00e1hnout<\/a><\/div>\n\n\n\n<div class=\"wp-block-file\"><a href=\"http:\/\/www.malekysice.cz\/wp-content\/uploads\/2025\/01\/OZV-c.1_2019-kterou-se-stanovi-cast-skolskeho-obvodu-materske-skoly.pdf\">OZV obce Mal\u00e9 Ky\u0161ice \u010d. 1\/2019, kterou se stanov\u00ed \u010d\u00e1st \u0161kolsk\u00e9ho obvodu mate\u0159sk\u00e9 \u0161koly<\/a><a href=\"http:\/\/www.malekysice.cz\/wp-content\/uploads\/2025\/01\/OZV-c.1_2019-kterou-se-stanovi-cast-skolskeho-obvodu-materske-skoly.pdf\" class=\"wp-block-file__button\" download>St\u00e1hnout<\/a><\/div>\n\n\n\n<div class=\"wp-block-file\"><a href=\"http:\/\/www.malekysice.cz\/wp-content\/uploads\/2024\/01\/OZV-o-mistnim-poplatku-ze-psu-1_2023.pdf\">OZV obce Mal\u00e9 Ky\u0161ice \u010d. 1\/2023 o m\u00edstn\u00edm poplatku ze ps\u016f<\/a><a href=\"http:\/\/www.malekysice.cz\/wp-content\/uploads\/2024\/01\/OZV-o-mistnim-poplatku-ze-psu-1_2023.pdf\" class=\"wp-block-file__button\" download>St\u00e1hnout<\/a><\/div>\n\n\n\n<div class=\"wp-block-file\"><a href=\"http:\/\/www.malekysice.cz\/wp-content\/uploads\/2024\/01\/OZV-o-mistnim-poplatku-za-uzivani-verejneho-prostranstvi.pdf\">OZV obce Mal\u00e9 Ky\u0161ice \u010d. 2\/2023 o m\u00edstn\u00edm poplatku za u\u017e\u00edv\u00e1n\u00ed ve\u0159ejn\u00e9ho prostranstv\u00ed<\/a><a href=\"http:\/\/www.malekysice.cz\/wp-content\/uploads\/2024\/01\/OZV-o-mistnim-poplatku-za-uzivani-verejneho-prostranstvi.pdf\" class=\"wp-block-file__button\" download>St\u00e1hnout<\/a><\/div>\n\n\n\n<div class=\"wp-block-file\"><a href=\"http:\/\/www.malekysice.cz\/wp-content\/uploads\/2024\/01\/Priloha-c.1.pdf\">P\u0159\u00edloha \u010d.1 k OZV \u010d. 2\/2023<\/a><a href=\"http:\/\/www.malekysice.cz\/wp-content\/uploads\/2024\/01\/Priloha-c.1.pdf\" class=\"wp-block-file__button\" download>St\u00e1hnout<\/a><\/div>\n\n\n\n<div class=\"wp-block-file\"><a href=\"http:\/\/www.malekysice.cz\/wp-content\/uploads\/2024\/01\/OZV-o-mistnim-poplatku-z-pobytu.pdf\">OZV obce Mal\u00e9 Ky\u0161ice \u010d. 3\/2023 o m\u00edstn\u00edm poplatku z pobytu<\/a><a href=\"http:\/\/www.malekysice.cz\/wp-content\/uploads\/2024\/01\/OZV-o-mistnim-poplatku-z-pobytu.pdf\" class=\"wp-block-file__button\" download>St\u00e1hnout<\/a><\/div>\n\n\n\n<div class=\"wp-block-file\"><a href=\"http:\/\/www.malekysice.cz\/wp-content\/uploads\/2025\/01\/OZV-kterou-se-stanovuji-pravidla-pro-pohyb-psu-na-verejnem-prostranstvi.pdf\">OZV obce Mal\u00e9 Ky\u0161ice \u010d. 2\/2024, kterou se stanovuj\u00ed pravidla pro pohyb ps\u016f na ve\u0159ejn\u00e9m prostranstv\u00ed v obci Mal\u00e9 Ky\u0161ice<\/a><a href=\"http:\/\/www.malekysice.cz\/wp-content\/uploads\/2025\/01\/OZV-kterou-se-stanovuji-pravidla-pro-pohyb-psu-na-verejnem-prostranstvi.pdf\" class=\"wp-block-file__button\" download>St\u00e1hnout<\/a><\/div>\n\n\n\n<div class=\"wp-block-file\"><a href=\"http:\/\/www.malekysice.cz\/wp-content\/uploads\/2025\/01\/Priloha-c.-1.pdf\">P\u0159\u00edloha \u010d. 1 k OZV \u010d. 2\/2024<\/a><a href=\"http:\/\/www.malekysice.cz\/wp-content\/uploads\/2025\/01\/Priloha-c.-1.pdf\" class=\"wp-block-file__button\" download>St\u00e1hnout<\/a><\/div>\n\n\n\n<div class=\"wp-block-file\"><a href=\"http:\/\/www.malekysice.cz\/wp-content\/uploads\/2025\/01\/OZV-o-stanoveni-obecniho-systemu-odpadoveho-hospodarstvi.pdf\">OZV obce Mal\u00e9 Ky\u0161ice \u010d. 3\/2024 o stanoven\u00ed obecn\u00edho syst\u00e9mu odpadov\u00e9ho hospod\u00e1\u0159stv\u00ed<\/a><a href=\"http:\/\/www.malekysice.cz\/wp-content\/uploads\/2025\/01\/OZV-o-stanoveni-obecniho-systemu-odpadoveho-hospodarstvi.pdf\" class=\"wp-block-file__button\" download>St\u00e1hnout<\/a><\/div>\n\n\n\n<div class=\"wp-block-file\"><a href=\"http:\/\/www.malekysice.cz\/wp-content\/uploads\/2025\/01\/OZV-o-mistnim-poplatku-za-odkladani-komunalniho-odpadu-z-nemovite-veci.pdf\">OZV obce Mal\u00e9 Ky\u0161ice \u010d. 4\/2024 o m\u00edstn\u00edm poplatku za odkl\u00e1d\u00e1n\u00ed komun\u00e1ln\u00edho odpadu z nemovit\u00e9 v\u011bci<\/a><a href=\"http:\/\/www.malekysice.cz\/wp-content\/uploads\/2025\/01\/OZV-o-mistnim-poplatku-za-odkladani-komunalniho-odpadu-z-nemovite-veci.pdf\" class=\"wp-block-file__button\" download>St\u00e1hnout<\/a><\/div>\n\n\n\n<div class=\"wp-block-file\"><a href=\"http:\/\/www.malekysice.cz\/wp-content\/uploads\/2025\/06\/OZV-c.2_2025-o-nocnim-klidu.pdf\">OZV obce Mal\u00e9 Ky\u0161ice \u010d.2\/2025 o no\u010dn\u00edm klidu<\/a><a href=\"http:\/\/www.malekysice.cz\/wp-content\/uploads\/2025\/06\/OZV-c.2_2025-o-nocnim-klidu.pdf\" class=\"wp-block-file__button\" download>St\u00e1hnout<\/a><\/div>\n","protected":false},"excerpt":{"rendered":"","protected":false},"author":1,"featured_media":0,"parent":12,"menu_order":0,"comment_status":"closed","ping_status":"closed","template":"","meta":[],"_links":{"self":[{"href":"http:\/\/www.malekysice.cz\/index.php?rest_route=\/wp\/v2\/pages\/37"}],"collection":[{"href":"http:\/\/www.malekysice.cz\/index.php?rest_route=\/wp\/v2\/pages"}],"about":[{"href":"http:\/\/www.malekysice.cz\/index.php?rest_route=\/wp\/v2\/types\/page"}],"author":[{"embeddable":true,"href":"http:\/\/www.malekysice.cz\/index.php?rest_route=\/wp\/v2\/users\/1"}],"replies":[{"embeddable":true,"href":"http:\/\/www.malekysice.cz\/index.php?rest_route=%2Fwp%2Fv2%2Fcomments&post=37"}],"version-history":[{"count":34,"href":"http:\/\/www.malekysice.cz\/index.php?rest_route=\/wp\/v2\/pages\/37\/revisions"}],"predecessor-version":[{"id":5090,"href":"http:\/\/www.malekysice.cz\/index.php?rest_route=\/wp\/v2\/pages\/37\/revisions\/5090"}],"up":[{"embeddable":true,"href":"http:\/\/www.malekysice.cz\/index.php?rest_route=\/wp\/v2\/pages\/12"}],"wp:attachment":[{"href":"http:\/\/www.malekysice.cz\/index.php?rest_route=%2Fwp%2Fv2%2Fmedia&parent=37"}],"curies":[{"name":"wp","href":"https:\/\/api.w.org\/{rel}","templated":true}]}}