{"id":33,"date":"2012-05-02T20:12:11","date_gmt":"2012-05-02T20:12:11","guid":{"rendered":"http:\/\/www.malekysice.cz\/?page_id=33"},"modified":"2024-10-30T15:15:15","modified_gmt":"2024-10-30T15:15:15","slug":"povinne-zverejnovane-informace","status":"publish","type":"page","link":"http:\/\/www.malekysice.cz\/?page_id=33","title":{"rendered":"Povinn\u011b zve\u0159ej\u0148ovan\u00e9 informace"},"content":{"rendered":"\n<h4><strong>Informace zve\u0159ej\u0148ovan\u00e9 o&nbsp;povinn\u00e9m subjektu podle z\u00e1kona&nbsp;\u010d.106\/1999 Sb., o&nbsp;svobodn\u00e9m p\u0159\u00edstupu k&nbsp;informac\u00edm<\/strong><\/h4>\n\n\n\n<figure class=\"wp-block-table\"><table><tbody><tr><td><strong>1.<\/strong><\/td><td><strong>N\u00e1zev<\/strong><\/td><td>Obec Mal\u00e9 Ky\u0161ice<\/td><\/tr><tr><td><strong>2.<\/strong><\/td><td><strong>D\u016fvod a&nbsp;zp\u016fsob zalo\u017een\u00ed<\/strong><\/td><td>Postaven\u00ed a p\u016fsobnost upravuje z\u00e1kon \u010d. 128\/2000, o obc\u00edch (obecn\u00ed z\u0159\u00edzen\u00ed), ve zn\u011bn\u00ed pozd\u011bj\u0161\u00edch p\u0159edpis\u016f.<\/td><\/tr><tr><td><strong>3.<\/strong><\/td><td><strong>Organiza\u010dn\u00ed struktura<\/strong><\/td><td><strong>Samospr\u00e1va<\/strong><br>Zastupitelstvo \u2013 6 \u010dlen\u016f<br>Mgr. Miroslav Oliverius &#8211; starosta<br>David Rehberger &#8211; m\u00edstostarosta<br>Lenka Markupov\u00e1&nbsp;&#8211; \u00fa\u010detn\u00ed, ohla\u0161ovna<\/td><\/tr><tr><td><strong>4.<\/strong><\/td><td><strong>Kontaktn\u00ed spojen\u00ed<\/strong><\/td><td>Obecn\u00ed \u00fa\u0159ad Mal\u00e9 Ky\u0161ice<br>M\u00edru 72<br>273 51\u00a0 Mal\u00e9 Ky\u0161ice<\/td><\/tr><tr><td><strong>4.1.<\/strong><\/td><td><strong>Adresa \u00fa\u0159adovny pro&nbsp;osobn\u00ed n\u00e1v\u0161t\u011bvu<\/strong><\/td><td>Obecn\u00ed \u00fa\u0159ad Mal\u00e9 Ky\u0161ice<br>M\u00edru 72<br>273 51\u00a0 Mal\u00e9 Ky\u0161ice<\/td><\/tr><tr><td><strong>4.2.<\/strong><\/td><td><strong>\u00da\u0159edn\u00ed hodiny<\/strong><\/td><td>Pond\u011bl\u00ed&nbsp;&nbsp;&nbsp;&nbsp; 15,00 \u2013 17,00\n<p>&nbsp;<\/p>\n<p>St\u0159eda &nbsp; &nbsp; &nbsp;16,00 \u2013 18,00<\/p>\n<\/td><\/tr><tr><td><strong>4.3.<\/strong><\/td><td><strong>Telefonn\u00ed \u010d\u00edsla<\/strong><\/td><td>Kancel\u00e1\u0159 obecn\u00edho \u00fa\u0159adu \u2013 tel. 312&nbsp;698 813<\/td><\/tr><tr><td><strong>4.4.<\/strong><\/td><td><strong>Adresa internetov\u00e9 str\u00e1nky<\/strong><\/td><td>www.malekysice.cz<\/td><\/tr><tr><td><strong>4.5.<\/strong><\/td><td><strong>Adresa e-podatelny<\/strong><\/td><td>ou.malkysice@volny.cz<\/td><\/tr><tr><td><strong>4.6.<\/strong><\/td><td><strong>Identifik\u00e1tor datov\u00e9 schr\u00e1nky<\/strong><\/td><td>j8gbxr9<\/td><\/tr><tr><td><strong>5.<\/strong><\/td><td><strong>Bankovn\u00ed spojen\u00ed<\/strong><\/td><td>Komer\u010dn\u00ed&nbsp;banka a. s. Kladno<br>\u010d\u00edslo \u00fa\u010dtu\/k\u00f3d banky: 26726141\/0100<\/td><\/tr><tr><td><strong>6.<\/strong><\/td><td><strong>I\u010c<\/strong><\/td><td>00640557<\/td><\/tr><tr><td><strong>7.<\/strong><\/td><td><strong>DI\u010c<\/strong><\/td><td>obec nen\u00ed pl\u00e1tcem DPH<\/td><\/tr><tr><td><strong>8.<\/strong><\/td><td><strong>Dokumenty<\/strong><\/td><td>&nbsp;<\/td><\/tr><tr><td><strong>8.1.<\/strong><\/td><td><strong>Seznamy hlavn\u00edch dokument\u016f<\/strong><\/td><td>&nbsp;<\/td><\/tr><tr><td><strong>8.2.<\/strong><\/td><td><strong>Rozpo\u010det<\/strong><\/td><td><a href=\"http:\/\/www.malekysice.cz\/wp-content\/uploads\/2012\/05\/Rozpo\u010det-obce-na-rok-20212.pdf\">Rozpo\u010det obce na rok 2021<\/a><\/td><\/tr><tr><td><strong>9.<\/strong><\/td><td><strong>\u017d\u00e1dosti o&nbsp;informace<\/strong><\/td><td>&nbsp;<\/td><\/tr><tr><td><strong>10.<\/strong><\/td><td><strong>P\u0159\u00edjem \u017e\u00e1dost\u00ed a&nbsp;dal\u0161\u00edch pod\u00e1n\u00ed<\/strong><\/td><td>&nbsp;<\/td><\/tr><tr><td><strong>11.<\/strong><\/td><td><strong>Opravn\u00e9 prost\u0159edky<\/strong><\/td><td>&nbsp;<\/td><\/tr><tr><td><strong>12.<\/strong><\/td><td><strong>Formul\u00e1\u0159e<\/strong><\/td><td>Formul\u00e1\u0159e, kter\u00e9 jsou k&nbsp;dispozici&nbsp;v&nbsp;s\u00eddle Obecn\u00edho \u00fa\u0159adu Mal\u00e9 Ky\u0161ice nebo <a href=\"http:\/\/www.malekysice.cz\/?page_id=24\">zde<\/a><\/td><\/tr><tr><td><strong>13.<\/strong><\/td><td><strong>Popisy postup\u016f &#8211; n\u00e1vody pro \u0159e\u0161en\u00ed \u017eivotn\u00edch situac\u00ed<\/strong><\/td><td><a title=\"Port\u00e1l ve\u0159ejn\u00e9 spr\u00e1vy\" href=\"http:\/\/portal.gov.cz\/portal\/obcan\/situace\/\" target=\"_blank\" rel=\"noopener\">Port\u00e1l ve\u0159ejn\u00e9 spr\u00e1vy<\/a><\/td><\/tr><tr><td><strong>14.<\/strong><\/td><td><strong>P\u0159edpisy<\/strong><\/td><td>&nbsp;<\/td><\/tr><tr><td><strong>14.1.<\/strong><\/td><td><strong>Nejd\u016fle\u017eit\u011bj\u0161\u00ed pou\u017e\u00edvan\u00e9 p\u0159edpisy<\/strong><\/td><td>Z\u00e1kon \u010d. 128\/2000 Sb., o obc\u00edch (obecn\u00ed z\u0159\u00edzen\u00ed), ve zn\u011bn\u00ed pozd\u011bj\u0161\u00edch p\u0159edpis\u016f\n<p>&nbsp;<\/p>\n<p>Z\u00e1kon \u010d. 500\/2004 Sb., spr\u00e1vn\u00ed \u0159\u00e1d<\/p>\n<p>Z\u00e1kon \u010d. 106\/1999 Sb., o svobodn\u00e9m p\u0159\u00edstupu k&nbsp;informac\u00edm, ve zn\u011bn\u00ed pozd\u011bj\u0161\u00edch p\u0159edpis\u016f<\/p>\n<\/td><\/tr><tr><td><strong>14.2.<\/strong><\/td><td><strong>Vydan\u00e9 pr\u00e1vn\u00ed p\u0159edpisy<\/strong><\/td><td><a href=\"http:\/\/www.malekysice.cz\/?page_id=37\">Platn\u00e9 obecn\u011b z\u00e1vazn\u00e9 vyhl\u00e1\u0161ky<\/a><\/td><\/tr><tr><td><strong>15.<\/strong><\/td><td><strong>\u00dahrady&nbsp;za poskytov\u00e1n\u00ed informac\u00ed<\/strong><\/td><td>&nbsp;<\/td><\/tr><tr><td><strong>15.1.<\/strong><\/td><td><strong>Sazebn\u00edk \u00fahrad za poskytov\u00e1n\u00ed informac\u00ed<\/strong><\/td><td>Obecn\u00ed \u00fa\u0159ad&nbsp;je opr\u00e1vn\u011bn po\u017eadovat \u00fahradu n\u00e1klad\u016f spojen\u00fdch s&nbsp;vyhled\u00e1v\u00e1n\u00edm informac\u00ed, nap\u0159. za p\u0159\u00edmou mzdu pracovn\u00edka, po\u0159izov\u00e1n\u00ed kopi\u00ed a&nbsp;technick\u00fdch nosi\u010d\u016f dat a&nbsp;odes\u00edl\u00e1n\u00ed informac\u00ed, p\u0159i\u010dem\u017e vyd\u00e1n\u00ed informace se m\u016f\u017ee podm\u00ednit zaplacen\u00edm \u00fahrady nebo z\u00e1lohy.<\/td><\/tr><tr><td><strong>15.2.<\/strong><\/td><td><strong>Usnesen\u00ed nad\u0159\u00edzen\u00e9ho org\u00e1nu o&nbsp;v\u00fd\u0161i \u00fahrad za poskytnut\u00ed informac\u00ed<\/strong><\/td><td>\u017dadatel m\u016f\u017ee podat na postup p\u0159i vy\u0159izov\u00e1n\u00ed \u017e\u00e1dosti o&nbsp;informaci st\u00ed\u017enost, pokud nesouhlas\u00ed s&nbsp;v\u00fd\u0161\u00ed \u00fahrady sd\u011blen\u00e9 \u017eadateli p\u00edsemn\u011b povinn\u00fdm subjektem p\u0159ed pod\u00e1n\u00edm informace nebo nesouhlas\u00ed s&nbsp;v\u00fd\u0161\u00ed odm\u011bny za&nbsp;opr\u00e1vn\u011bn\u00ed u\u017e\u00edt informaci na z\u00e1klad\u011b licen\u010dn\u00ed smlouvy. St\u00ed\u017enost lze podat p\u00edsemn\u011b nebo \u00fastn\u011b, a&nbsp;to u&nbsp;povinn\u00e9ho subjektu. O&nbsp;st\u00ed\u017enosti rozhoduje nad\u0159\u00edzen\u00fd org\u00e1n. V&nbsp;sou\u010dasn\u00e9 dob\u011b nejsou vyd\u00e1na \u017e\u00e1dn\u00e1&nbsp;usnesen\u00ed nad\u0159\u00edzen\u00e9ho org\u00e1nu t\u00fdkaj\u00edc\u00edch se t\u011bchto st\u00ed\u017enost\u00ed.<\/td><\/tr><tr><td><strong>16.<\/strong><\/td><td><strong>Licen\u010dn\u00ed smlouvy<\/strong><\/td><td>&nbsp;<\/td><\/tr><tr><td><strong>16.1.<\/strong><\/td><td><strong>Vzory licen\u010dn\u00edch smluv<\/strong><\/td><td>Vzor licen\u010dn\u00ed smlouvy dle \u00a7 14a, z\u00e1kona \u010d.106\/1999 Sb., o&nbsp;svobodn\u00e9m p\u0159\u00edstupu k&nbsp;informac\u00edm, ve&nbsp;zn\u011bn\u00ed pozd\u011bj\u0161\u00edch p\u0159edpis\u016f.<\/td><\/tr><tr><td><strong>16.2.<\/strong><\/td><td><strong>V\u00fdhradn\u00ed licence<\/strong><\/td><td>V sou\u010dasn\u00e9 dob\u011b nejsou obc\u00ed&nbsp;Mal\u00e9 Ky\u0161ice poskytnuty \u017e\u00e1dn\u00e9 v\u00fdhradn\u00ed licence podle \u00a7&nbsp;14a odst. 4&nbsp;z\u00e1kona \u010d. 106\/1999 Sb., o&nbsp;svobodn\u00e9m p\u0159\u00edstupu k&nbsp;informac\u00edm, ve&nbsp;zn\u011bn\u00ed pozd\u011bj\u0161\u00edch p\u0159edpis\u016f.<\/td><\/tr><tr><td><strong>17.<\/strong><\/td><td><strong>V\u00fdro\u010dn\u00ed zpr\u00e1va podle z\u00e1kona \u010d.106\/1999 Sb.<\/strong><\/td><td><a href=\"http:\/\/www.malekysice.cz\/wp-content\/uploads\/2012\/05\/V\u00fdro\u010dn\u00ed-zpr\u00e1va-o-poskytov\u00e1n\u00ed-informac\u00ed-za-rok-2020.pdf\">V\u00fdro\u010dn\u00ed zpr\u00e1va o poskytov\u00e1n\u00ed informac\u00ed za rok 2020<\/a><\/td><\/tr><\/tbody><\/table><\/figure>\n\n\n\n<p><span style=\"font-size: small;\"><span style=\"line-height: normal;\"><a title=\"Archiv v\u00fdro\u010dn\u00edch zpr\u00e1v\" href=\"http:\/\/www.malekysice.cz\/?page_id=873\">Archiv<\/a>&nbsp;v\u00fdro\u010dn\u00edch zpr\u00e1v poskytovan\u00fdch podle z\u00e1kona \u010d. 106\/1999 Sb.<\/span><\/span><\/p>\n","protected":false},"excerpt":{"rendered":"<p>Informace zve\u0159ej\u0148ovan\u00e9 o&nbsp;povinn\u00e9m subjektu podle z\u00e1kona&nbsp;\u010d.106\/1999 Sb., o&nbsp;svobodn\u00e9m p\u0159\u00edstupu k&nbsp;informac\u00edm 1. N\u00e1zev Obec Mal\u00e9 Ky\u0161ice 2. D\u016fvod a&nbsp;zp\u016fsob zalo\u017een\u00ed Postaven\u00ed a p\u016fsobnost upravuje z\u00e1kon \u010d. 128\/2000, o obc\u00edch (obecn\u00ed z\u0159\u00edzen\u00ed),&hellip;<\/p>\n","protected":false},"author":1,"featured_media":0,"parent":12,"menu_order":0,"comment_status":"closed","ping_status":"closed","template":"","meta":[],"_links":{"self":[{"href":"http:\/\/www.malekysice.cz\/index.php?rest_route=\/wp\/v2\/pages\/33"}],"collection":[{"href":"http:\/\/www.malekysice.cz\/index.php?rest_route=\/wp\/v2\/pages"}],"about":[{"href":"http:\/\/www.malekysice.cz\/index.php?rest_route=\/wp\/v2\/types\/page"}],"author":[{"embeddable":true,"href":"http:\/\/www.malekysice.cz\/index.php?rest_route=\/wp\/v2\/users\/1"}],"replies":[{"embeddable":true,"href":"http:\/\/www.malekysice.cz\/index.php?rest_route=%2Fwp%2Fv2%2Fcomments&post=33"}],"version-history":[{"count":78,"href":"http:\/\/www.malekysice.cz\/index.php?rest_route=\/wp\/v2\/pages\/33\/revisions"}],"predecessor-version":[{"id":4845,"href":"http:\/\/www.malekysice.cz\/index.php?rest_route=\/wp\/v2\/pages\/33\/revisions\/4845"}],"up":[{"embeddable":true,"href":"http:\/\/www.malekysice.cz\/index.php?rest_route=\/wp\/v2\/pages\/12"}],"wp:attachment":[{"href":"http:\/\/www.malekysice.cz\/index.php?rest_route=%2Fwp%2Fv2%2Fmedia&parent=33"}],"curies":[{"name":"wp","href":"https:\/\/api.w.org\/{rel}","templated":true}]}}